{"id":154,"date":"2020-07-21T18:28:01","date_gmt":"2020-07-21T16:28:01","guid":{"rendered":"https:\/\/avocat-extradition-teissedre.com\/?page_id=154"},"modified":"2025-10-01T11:35:39","modified_gmt":"2025-10-01T09:35:39","slug":"publications","status":"publish","type":"page","link":"https:\/\/avocat-extradition-teissedre.com\/en\/publications\/","title":{"rendered":"Publications"},"content":{"rendered":"<p>Mandat d&rsquo;arr\u00eat, mandat d&rsquo;arr\u00eat europ\u00e9en, mandat d&rsquo;arr\u00eat international, notice rouge Interpol, extradition, autant de termes juridiques dont tout le monde a plus ou moins entendu parler sans savoir exactement ce qu&rsquo;ils recouvrent. Ces expressions correspondent en r\u00e9alit\u00e9 \u00e0 des proc\u00e9dures p\u00e9nales complexes qui ont tendance \u00e0 effrayer les justiciables mais aussi les praticiens du droit, plus encore lorsqu&rsquo;il s&rsquo;agit de r\u00e9agir dans l&rsquo;urgence.<\/p>\n<p>&nbsp;<\/p>\n<p>Se poser les bonnes questions, identifier le cadre juridique, adopter les bons r\u00e9flexes en cas d&rsquo;interpellation, vouloir s&rsquo;informer avant de se livrer \u00e0 la police, permettre de mieux comprendre les \u00e9v\u00e8nements proc\u00e9duraux d&rsquo;affaires souvent m\u00e9diatiques, tels sont les objectifs de cet ouvrage. Un <strong>. A demanding manual of criminal procedure devoted to the rights of fugitives<\/strong>.<\/p>\n\t\t\t<a href=\"https:\/\/www.amazon.fr\/d%C3%A9fense-p%C3%A9nale-fugitifs-Jean-Charles-Tesseidre\/dp\/2387130693\/\" title=\"Cliquez ici\" target=\"_blank\" rel=\"noopener\"  role=\"button\" aria-label=\"Amazon\">\n\t\t\t\t\t\t\tAmazon\n\t\t<\/a>\n\t\t\t<a href=\"https:\/\/www.fnac.com\/a21896963\/Jean-Charles-Teissedre-La-defense-penale-des-fugitifs-3eme-edition\" title=\"Cliquez ici\" target=\"_blank\" rel=\"noopener\"  role=\"button\" aria-label=\"Fnac\">\n\t\t\t\t\t\t\tFnac\n\t\t<\/a>\n\t\t\t<a href=\"https:\/\/www.cultura.com\/p-la-defense-penale-des-fugitifs-3e-edition-9782387130693.html\" title=\"Cliquez ici\" target=\"_blank\" rel=\"noopener\"  role=\"button\" aria-label=\"Cultura\">\n\t\t\t\t\t\t\tCultura\n\t\t<\/a>\n\t\t\t<a href=\"https:\/\/www.decitre.fr\/livre-pod\/la-defense-penale-des-fugitifs-9782387130693.html\" title=\"Cliquez ici\" target=\"_blank\" rel=\"noopener\"  role=\"button\" aria-label=\"Decitre\">\n\t\t\t\t\t\t\tDecitre\n\t\t<\/a>\n\t\t\t\t\t\t<h3>Table of content<\/h3>\n\t\t\t<p>INTRODUCTION<\/p>\n<p>PREMIERE PARTIE :<\/p>\n<p>FUGITIF RECHERCHE PAR UNE JURIDICTION FRAN\u00c7AISE<\/p>\n<p>CHAPITRE I : LA PRESCRIPTION DE LA PEINE<\/p>\n<p>SECTION I : LES DELAIS DE PRESCRIPTION DE LA PEINE<\/p>\n<p>SECTION II : LES ACTES INTERRUPTIFS DE PRESCRIPTION DE LA PEINE<\/p>\n<p>SECTION III &#8211; LES EFFETS DE LA PRESCRIPTION DE LA PEINE<\/p>\n<p>CHAPITRE II : LA CONTESTATION DES DECISIONS ET MANDATS DE JUSTICE<\/p>\n<p>SECTION I : LA CONTESTATION DES DECISIONS DE JUSTICE<\/p>\n<p>\u00a71 &#8211; LES DECISIONS RENDUES PAR DEFAUT<\/p>\n<p>A\/ Le d\u00e9faut criminel<\/p>\n<p>B\/ Le d\u00e9faut correctionnel<\/p>\n<p>1\u00b0\/ La signification des actes et ses effets<\/p>\n<p>2\u00b0\/ La recevabilit\u00e9 du recours<\/p>\n<p>\u00a72 &#8211; LES DECISIONS CONTRADICTOIRES<\/p>\n<p>SECTION II : LA CONTESTATION DU MANDAT D&rsquo;ARRET<\/p>\n<p>\u00a71. D\u00e9finition et \u00e9mission<\/p>\n<p>\u00a72. Proc\u00e9dure d&rsquo;ex\u00e9cution d&rsquo;un mandat d&rsquo;arr\u00eat \u00e9mis par une cour d&rsquo;assises<\/p>\n<p>\u00a73. Proc\u00e9dure d&rsquo;ex\u00e9cution d&rsquo;un mandat d&rsquo;arr\u00eat \u00e9mis par une juridiction correctionnelle<\/p>\n<p>\u00a74. Mandat d&rsquo;arr\u00eat \u00e9mis par le juge de l&rsquo;application des peines<\/p>\n<p>\u00a75. Le contentieux de la d\u00e9tention et de la nullit\u00e9<\/p>\n<p>A\/ La possibilit\u00e9 de soulever des exceptions de nullit\u00e9<\/p>\n<p>1\u00b0\/ En mati\u00e8re criminelle<\/p>\n<p>2\u00b0\/ En mati\u00e8re d\u00e9lictuelle<\/p>\n<p>B\/ Le requ\u00e9rant interpell\u00e9 en France<\/p>\n<p>C\/ Le requ\u00e9rant interpell\u00e9 \u00e0 l&rsquo;\u00e9tranger<\/p>\n<p>1\u00b0\/ Extradition demand\u00e9e par la France<\/p>\n<p>2\u00b0\/ La question de la r\u00e9extradition<\/p>\n<p>3\u00b0\/ Mandat d&rsquo;arr\u00eat europ\u00e9en \u00e9mis par la France<\/p>\n<p>DEUXIEME PARTIE :<\/p>\n<p>FUGITIF RECHERCHE PAR UNE JURIDICTION ETRANGERE<\/p>\n<p>CHAPITRE 1 : L&rsquo;EXTRADITION<\/p>\n<p>SECTION I &#8211; LES DIFFERENTS MOTIFS DE REFUS<\/p>\n<p>\u00a71 &#8211; MOTIFS TENANT AUX ACCORDS INTERNATIONAUX<\/p>\n<p>A\/ Les accords internationaux sign\u00e9s par la France<\/p>\n<p>B\/ Le contr\u00f4le par le juge de la r\u00e9gularit\u00e9 de l&rsquo;accord international<\/p>\n<p>\u00a72 &#8211; MOTIFS TENANT A LA PERSONNE<\/p>\n<p>A\/ Le principe de non-extradition des nationaux<\/p>\n<p>B\/ Le statut de r\u00e9fugi\u00e9<\/p>\n<p>C\/ L&rsquo;\u00e2ge ou l&rsquo;\u00e9tat de sant\u00e9<\/p>\n<p>D\/ Le respect de la vie priv\u00e9e et familiale<\/p>\n<p>E\/ Les immunit\u00e9s parlementaires et diplomatiques<\/p>\n<p>\u00a73 &#8211; MOTIFS TENANT A L&rsquo;INFRACTION<\/p>\n<p>A\/ La condition de double incrimination<\/p>\n<p>B\/ L&rsquo;exclusion des infractions politiques<\/p>\n<p>C\/ L&rsquo;exclusion des infractions militaires, fiscales, \u00e9conomiques et douani\u00e8res<\/p>\n<p>\u00a74. MOTIFS TENANT AU CARACTERE INEQUITABLE DE LA PROCEDURE<\/p>\n<p>\u00a75 &#8211; MOTIFS TENANT A LA PEINE<\/p>\n<p>A\/ Le quantum de la peine<\/p>\n<p>B\/ Le principe \u00ab non bis in idem \u00bb<\/p>\n<p>C\/ La prescription<\/p>\n<p>SECTION II &#8211; LA PROCEDURE D&rsquo;EXTRADITION<\/p>\n<p>\u00a71 &#8211; LA PHASE JUDICIAIRE<\/p>\n<p>A\/ L&rsquo;arrestation provisoire<\/p>\n<p>B\/ Le d\u00e9f\u00e8rement et l&rsquo;\u00e9crou extraditionnel<\/p>\n<p>C\/ La comparution devant la chambre de l&rsquo;instruction<\/p>\n<p>1\u00b0\/ L&rsquo;interrogatoire<\/p>\n<p>2\u00b0\/ L&rsquo;audience<\/p>\n<p>3\u00b0\/ L&rsquo;avis<\/p>\n<p>4\u00b0\/ Le contentieux de la d\u00e9tention<\/p>\n<p>D\/ Le pourvoi en cassation<\/p>\n<p>\u00a72 &#8211; LA PHASE ADMINISTRATIVE<\/p>\n<p>A\/ LE DECRET D&rsquo;EXTRADITION<\/p>\n<p>1\u00b0\/ Les pouvoirs du Premier ministre<\/p>\n<p>2\u00b0\/ La notification du d\u00e9cret et ses cons\u00e9quences<\/p>\n<p>3\u00b0\/ Le recours contre le d\u00e9cret<\/p>\n<p>B\/ LES SUITES DE LA REMISE : LE PRINCIPE DE SPECIALITE<\/p>\n<p>1\u00b0\/ La teneur du principe<\/p>\n<p>2\u00b0\/ Les exceptions au principe<\/p>\n<p>CHAPITRE 2 : LE MANDAT D&rsquo;ARRET EUROPEEN<\/p>\n<p>SECTION I : LES MOTIFS DE REFUS<\/p>\n<p>\u00a71 : Les motifs de refus obligatoires<\/p>\n<p>A\/ L&rsquo;irr\u00e9gularit\u00e9 des mandats d&rsquo;arr\u00eat<\/p>\n<p>B\/ La gravit\u00e9 de l&rsquo;infraction ou de la peine<\/p>\n<p>C\/ Les traitements inhumains ou d\u00e9gradants<\/p>\n<p>D\/ Les discriminations<\/p>\n<p>E\/ Le droit au respect de la vie priv\u00e9e ou familiale<\/p>\n<p>F\/ L&rsquo;\u00e2ge<\/p>\n<p>G\/ Le d\u00e9faut de comparution<\/p>\n<p>H\/ L&rsquo;absence de double incrimination<\/p>\n<p>I\/ Le principe non bis in idem<\/p>\n<p>J\/ Les refus de reconnaissance de l&rsquo;ex\u00e9cution de la condamnation<\/p>\n<p>K\/ La prescription ou l&rsquo;amnistie<\/p>\n<p>\u00a72 : Les motifs de refus facultatifs<\/p>\n<p>A\/ La nationalit\u00e9 fran\u00e7aise ou la r\u00e9sidence sur le territoire fran\u00e7ais<\/p>\n<p>B\/ La comp\u00e9tence juridictionnelle fran\u00e7aise<\/p>\n<p>C\/ L&rsquo;incomp\u00e9tence extraterritoriale juridictionnelle<\/p>\n<p>SECTION II : LA PROCEDURE APPLICABLE AU MANDAT D&rsquo;ARRET EUROPEEN<\/p>\n<p>\u00a71. L&rsquo;arrestation et le d\u00e9ferrement<\/p>\n<p>\u00a72. La comparution devant la chambre de l&rsquo;instruction<\/p>\n<p>\u00a73. La remise et ses effets<\/p>\n<p>A\/ La remise et le diff\u00e9r\u00e9 de la remise<\/p>\n<p>B\/ La r\u00e8gle de la sp\u00e9cialit\u00e9<\/p>\n\t\t\t\t<a href=\"https:\/\/www.amazon.fr\/gp\/product\/B0B6HPCCT7\/\" target=\"_blank\" rel=\"noopener nofollow\"  itemprop=\"url\">\n\t\t\t\t<img decoding=\"async\" src=\"https:\/\/avocat-extradition-teissedre.com\/wp-content\/uploads\/2025\/10\/defense-penale-des-fugitifs-800x1135.jpg\" alt=\"defense penale des fugitifs\" itemprop=\"image\" height=\"1135\" width=\"800\" title=\"defense penale des fugitifs\" onerror=\"this.style.display='none'\"  \/>\n\t\t\t\t<\/a>\n\t\t\t\t<img decoding=\"async\" src=\"https:\/\/avocat-extradition-teissedre.com\/wp-content\/uploads\/bb-plugin\/cache\/avocat-extradition-droit-penal-international-26-300x300-circle.jpg\" alt=\"avocat extradition droit penal international\" title=\"avocat-extradition-droit-penal-international-26\" itemprop=\"image\"  \/>\n<h2>\n\t\tBiography\n\t<\/h2>\n\t<p>Jean-Charles Teissedre est avocat depuis 2001. La pratique du droit p\u00e9nal l&rsquo;a conduit \u00e0 faire d&rsquo;invraisemblables rencontres et donc \u00e0 traiter de nombreux dossiers atypiques. Il en a tir\u00e9 un savoir-faire juridique qu&rsquo;il met \u00e0 la disposition de tous ceux qui, comme lui, ont la passion du droit quand il permet de sauver des situations d\u00e9sesp\u00e9r\u00e9es ou de d\u00e9noncer l&rsquo;injustice.<\/p>","protected":false},"excerpt":{"rendered":"<p>Mandat d&rsquo;arr\u00eat, mandat d&rsquo;arr\u00eat europ\u00e9en, mandat d&rsquo;arr\u00eat international, notice rouge Interpol, extradition, autant de termes juridiques dont tout le monde a plus ou moins entendu parler sans savoir exactement ce qu&rsquo;ils recouvrent. Ces expressions correspondent en r\u00e9alit\u00e9 \u00e0 des proc\u00e9dures p\u00e9nales complexes qui ont tendance \u00e0 effrayer les justiciables mais aussi les praticiens du droit, [&hellip;]<\/p>","protected":false},"author":1,"featured_media":76,"parent":0,"menu_order":0,"comment_status":"closed","ping_status":"closed","template":"","meta":{"site-sidebar-layout":"default","site-content-layout":"default","ast-site-content-layout":"default","site-content-style":"default","site-sidebar-style":"default","ast-global-header-display":"","ast-banner-title-visibility":"","ast-main-header-display":"","ast-hfb-above-header-display":"","ast-hfb-below-header-display":"","ast-hfb-mobile-header-display":"","site-post-title":"","ast-breadcrumbs-content":"","ast-featured-img":"disabled","footer-sml-layout":"","theme-transparent-header-meta":"enabled","adv-header-id-meta":"75","stick-header-meta":"default","header-above-stick-meta":"","header-main-stick-meta":"","header-below-stick-meta":"","astra-migrate-meta-layouts":"default","ast-page-background-enabled":"default","ast-page-background-meta":{"desktop":{"background-color":"","background-image":"","background-repeat":"repeat","background-position":"center center","background-size":"auto","background-attachment":"scroll","background-type":"","background-media":"","overlay-type":"","overlay-color":"","overlay-opacity":"","overlay-gradient":""},"tablet":{"background-color":"","background-image":"","background-repeat":"repeat","background-position":"center center","background-size":"auto","background-attachment":"scroll","background-type":"","background-media":"","overlay-type":"","overlay-color":"","overlay-opacity":"","overlay-gradient":""},"mobile":{"background-color":"","background-image":"","background-repeat":"repeat","background-position":"center center","background-size":"auto","background-attachment":"scroll","background-type":"","background-media":"","overlay-type":"","overlay-color":"","overlay-opacity":"","overlay-gradient":""}},"ast-content-background-meta":{"desktop":{"background-color":"var(--ast-global-color-5)","background-image":"","background-repeat":"repeat","background-position":"center center","background-size":"auto","background-attachment":"scroll","background-type":"","background-media":"","overlay-type":"","overlay-color":"","overlay-opacity":"","overlay-gradient":""},"tablet":{"background-color":"var(--ast-global-color-5)","background-image":"","background-repeat":"repeat","background-position":"center center","background-size":"auto","background-attachment":"scroll","background-type":"","background-media":"","overlay-type":"","overlay-color":"","overlay-opacity":"","overlay-gradient":""},"mobile":{"background-color":"var(--ast-global-color-5)","background-image":"","background-repeat":"repeat","background-position":"center center","background-size":"auto","background-attachment":"scroll","background-type":"","background-media":"","overlay-type":"","overlay-color":"","overlay-opacity":"","overlay-gradient":""}},"footnotes":""},"class_list":["post-154","page","type-page","status-publish","has-post-thumbnail","hentry"],"yoast_head":"<!-- This site is optimized with the Yoast SEO plugin v26.0 - https:\/\/yoast.com\/wordpress\/plugins\/seo\/ -->\n<title>Publications - Avocat Extradition &amp; Droit P\u00e9nal International<\/title>\n<meta name=\"description\" content=\"La d\u00e9fense des fugitifs et condamn\u00e9s en fuite par Jean-Charles Teissedre, avocat sp\u00e9cialiste en extradition et droit p\u00e9nal international.\" \/>\n<meta name=\"robots\" content=\"index, follow, max-snippet:-1, max-image-preview:large, max-video-preview:-1\" \/>\n<link rel=\"canonical\" href=\"https:\/\/avocat-extradition-teissedre.com\/en\/publications\/\" \/>\n<meta property=\"og:locale\" content=\"en_US\" \/>\n<meta property=\"og:type\" content=\"article\" \/>\n<meta property=\"og:title\" content=\"Publications - Avocat Extradition &amp; Droit P\u00e9nal International\" \/>\n<meta property=\"og:description\" content=\"La d\u00e9fense des fugitifs et condamn\u00e9s en fuite par Jean-Charles Teissedre, avocat sp\u00e9cialiste en extradition et droit p\u00e9nal international.\" \/>\n<meta property=\"og:url\" content=\"https:\/\/avocat-extradition-teissedre.com\/en\/publications\/\" \/>\n<meta property=\"og:site_name\" content=\"Cabinet Avocats Teissedre - Droit P\u00e9nal International et Extradition\" \/>\n<meta property=\"article:modified_time\" content=\"2025-10-01T09:35:39+00:00\" \/>\n<meta property=\"og:image\" content=\"https:\/\/avocat-extradition-teissedre.com\/wp-content\/uploads\/2020\/07\/avocat-extradition-droit-penal-international.jpg\" \/>\n\t<meta property=\"og:image:width\" content=\"1920\" \/>\n\t<meta property=\"og:image:height\" content=\"1080\" \/>\n\t<meta property=\"og:image:type\" content=\"image\/jpeg\" \/>\n<meta name=\"twitter:card\" content=\"summary_large_image\" \/>\n<meta name=\"twitter:label1\" content=\"Est. reading time\" \/>\n\t<meta name=\"twitter:data1\" content=\"4 minutes\" \/>\n<script type=\"application\/ld+json\" class=\"yoast-schema-graph\">{\"@context\":\"https:\/\/schema.org\",\"@graph\":[{\"@type\":\"WebPage\",\"@id\":\"https:\/\/avocat-extradition-teissedre.com\/publications\/\",\"url\":\"https:\/\/avocat-extradition-teissedre.com\/publications\/\",\"name\":\"Publications - Avocat Extradition & Droit P\u00e9nal International\",\"isPartOf\":{\"@id\":\"https:\/\/avocat-extradition-teissedre.com\/#website\"},\"primaryImageOfPage\":{\"@id\":\"https:\/\/avocat-extradition-teissedre.com\/publications\/#primaryimage\"},\"image\":{\"@id\":\"https:\/\/avocat-extradition-teissedre.com\/publications\/#primaryimage\"},\"thumbnailUrl\":\"https:\/\/avocat-extradition-teissedre.com\/wp-content\/uploads\/2020\/07\/avocat-extradition-droit-penal-international.jpg\",\"datePublished\":\"2020-07-21T16:28:01+00:00\",\"dateModified\":\"2025-10-01T09:35:39+00:00\",\"description\":\"La d\u00e9fense des fugitifs et condamn\u00e9s en fuite par Jean-Charles Teissedre, avocat sp\u00e9cialiste en extradition et droit p\u00e9nal international.\",\"breadcrumb\":{\"@id\":\"https:\/\/avocat-extradition-teissedre.com\/publications\/#breadcrumb\"},\"inLanguage\":\"en-US\",\"potentialAction\":[{\"@type\":\"ReadAction\",\"target\":[\"https:\/\/avocat-extradition-teissedre.com\/publications\/\"]}]},{\"@type\":\"ImageObject\",\"inLanguage\":\"en-US\",\"@id\":\"https:\/\/avocat-extradition-teissedre.com\/publications\/#primaryimage\",\"url\":\"https:\/\/avocat-extradition-teissedre.com\/wp-content\/uploads\/2020\/07\/avocat-extradition-droit-penal-international.jpg\",\"contentUrl\":\"https:\/\/avocat-extradition-teissedre.com\/wp-content\/uploads\/2020\/07\/avocat-extradition-droit-penal-international.jpg\",\"width\":1920,\"height\":1080,\"caption\":\"avocat extradition droit penal international\"},{\"@type\":\"BreadcrumbList\",\"@id\":\"https:\/\/avocat-extradition-teissedre.com\/publications\/#breadcrumb\",\"itemListElement\":[{\"@type\":\"ListItem\",\"position\":1,\"name\":\"Accueil\",\"item\":\"https:\/\/avocat-extradition-teissedre.com\/\"},{\"@type\":\"ListItem\",\"position\":2,\"name\":\"Publications\"}]},{\"@type\":\"WebSite\",\"@id\":\"https:\/\/avocat-extradition-teissedre.com\/#website\",\"url\":\"https:\/\/avocat-extradition-teissedre.com\/\",\"name\":\"Cabinet Avocats Teissedre - Droit P\u00e9nal International et Extradition\",\"description\":\"Droit P\u00e9nal International Extradition\",\"publisher\":{\"@id\":\"https:\/\/avocat-extradition-teissedre.com\/#organization\"},\"potentialAction\":[{\"@type\":\"SearchAction\",\"target\":{\"@type\":\"EntryPoint\",\"urlTemplate\":\"https:\/\/avocat-extradition-teissedre.com\/?s={search_term_string}\"},\"query-input\":{\"@type\":\"PropertyValueSpecification\",\"valueRequired\":true,\"valueName\":\"search_term_string\"}}],\"inLanguage\":\"en-US\"},{\"@type\":\"Organization\",\"@id\":\"https:\/\/avocat-extradition-teissedre.com\/#organization\",\"name\":\"Cabinet Avocats Teissedre\",\"url\":\"https:\/\/avocat-extradition-teissedre.com\/\",\"logo\":{\"@type\":\"ImageObject\",\"inLanguage\":\"en-US\",\"@id\":\"https:\/\/avocat-extradition-teissedre.com\/#\/schema\/logo\/image\/\",\"url\":\"https:\/\/avocat-extradition-teissedre.com\/wp-content\/uploads\/2020\/07\/Logo_Cabinet-TA_Bleu-marine.png\",\"contentUrl\":\"https:\/\/avocat-extradition-teissedre.com\/wp-content\/uploads\/2020\/07\/Logo_Cabinet-TA_Bleu-marine.png\",\"width\":2190,\"height\":432,\"caption\":\"Cabinet Avocats Teissedre\"},\"image\":{\"@id\":\"https:\/\/avocat-extradition-teissedre.com\/#\/schema\/logo\/image\/\"}}]}<\/script>\n<!-- \/ Yoast SEO plugin. -->","yoast_head_json":{"title":"Publications - Avocat Extradition & Droit P\u00e9nal International","description":"La d\u00e9fense des fugitifs et condamn\u00e9s en fuite par Jean-Charles Teissedre, avocat sp\u00e9cialiste en extradition et droit p\u00e9nal international.","robots":{"index":"index","follow":"follow","max-snippet":"max-snippet:-1","max-image-preview":"max-image-preview:large","max-video-preview":"max-video-preview:-1"},"canonical":"https:\/\/avocat-extradition-teissedre.com\/en\/publications\/","og_locale":"en_US","og_type":"article","og_title":"Publications - Avocat Extradition & Droit P\u00e9nal International","og_description":"La d\u00e9fense des fugitifs et condamn\u00e9s en fuite par Jean-Charles Teissedre, avocat sp\u00e9cialiste en extradition et droit p\u00e9nal international.","og_url":"https:\/\/avocat-extradition-teissedre.com\/en\/publications\/","og_site_name":"Cabinet Avocats Teissedre - Droit P\u00e9nal International et Extradition","article_modified_time":"2025-10-01T09:35:39+00:00","og_image":[{"width":1920,"height":1080,"url":"https:\/\/avocat-extradition-teissedre.com\/wp-content\/uploads\/2020\/07\/avocat-extradition-droit-penal-international.jpg","type":"image\/jpeg"}],"twitter_card":"summary_large_image","twitter_misc":{"Est. reading time":"4 minutes"},"schema":{"@context":"https:\/\/schema.org","@graph":[{"@type":"WebPage","@id":"https:\/\/avocat-extradition-teissedre.com\/publications\/","url":"https:\/\/avocat-extradition-teissedre.com\/publications\/","name":"Publications - Avocat Extradition & Droit P\u00e9nal International","isPartOf":{"@id":"https:\/\/avocat-extradition-teissedre.com\/#website"},"primaryImageOfPage":{"@id":"https:\/\/avocat-extradition-teissedre.com\/publications\/#primaryimage"},"image":{"@id":"https:\/\/avocat-extradition-teissedre.com\/publications\/#primaryimage"},"thumbnailUrl":"https:\/\/avocat-extradition-teissedre.com\/wp-content\/uploads\/2020\/07\/avocat-extradition-droit-penal-international.jpg","datePublished":"2020-07-21T16:28:01+00:00","dateModified":"2025-10-01T09:35:39+00:00","description":"La d\u00e9fense des fugitifs et condamn\u00e9s en fuite par Jean-Charles Teissedre, avocat sp\u00e9cialiste en extradition et droit p\u00e9nal international.","breadcrumb":{"@id":"https:\/\/avocat-extradition-teissedre.com\/publications\/#breadcrumb"},"inLanguage":"en-US","potentialAction":[{"@type":"ReadAction","target":["https:\/\/avocat-extradition-teissedre.com\/publications\/"]}]},{"@type":"ImageObject","inLanguage":"en-US","@id":"https:\/\/avocat-extradition-teissedre.com\/publications\/#primaryimage","url":"https:\/\/avocat-extradition-teissedre.com\/wp-content\/uploads\/2020\/07\/avocat-extradition-droit-penal-international.jpg","contentUrl":"https:\/\/avocat-extradition-teissedre.com\/wp-content\/uploads\/2020\/07\/avocat-extradition-droit-penal-international.jpg","width":1920,"height":1080,"caption":"avocat extradition droit penal international"},{"@type":"BreadcrumbList","@id":"https:\/\/avocat-extradition-teissedre.com\/publications\/#breadcrumb","itemListElement":[{"@type":"ListItem","position":1,"name":"Accueil","item":"https:\/\/avocat-extradition-teissedre.com\/"},{"@type":"ListItem","position":2,"name":"Publications"}]},{"@type":"WebSite","@id":"https:\/\/avocat-extradition-teissedre.com\/#website","url":"https:\/\/avocat-extradition-teissedre.com\/","name":"Cabinet Avocats Teissedre - Droit P\u00e9nal International et Extradition","description":"Droit P\u00e9nal International Extradition","publisher":{"@id":"https:\/\/avocat-extradition-teissedre.com\/#organization"},"potentialAction":[{"@type":"SearchAction","target":{"@type":"EntryPoint","urlTemplate":"https:\/\/avocat-extradition-teissedre.com\/?s={search_term_string}"},"query-input":{"@type":"PropertyValueSpecification","valueRequired":true,"valueName":"search_term_string"}}],"inLanguage":"en-US"},{"@type":"Organization","@id":"https:\/\/avocat-extradition-teissedre.com\/#organization","name":"Cabinet Avocats Teissedre","url":"https:\/\/avocat-extradition-teissedre.com\/","logo":{"@type":"ImageObject","inLanguage":"en-US","@id":"https:\/\/avocat-extradition-teissedre.com\/#\/schema\/logo\/image\/","url":"https:\/\/avocat-extradition-teissedre.com\/wp-content\/uploads\/2020\/07\/Logo_Cabinet-TA_Bleu-marine.png","contentUrl":"https:\/\/avocat-extradition-teissedre.com\/wp-content\/uploads\/2020\/07\/Logo_Cabinet-TA_Bleu-marine.png","width":2190,"height":432,"caption":"Cabinet Avocats Teissedre"},"image":{"@id":"https:\/\/avocat-extradition-teissedre.com\/#\/schema\/logo\/image\/"}}]}},"_links":{"self":[{"href":"https:\/\/avocat-extradition-teissedre.com\/en\/wp-json\/wp\/v2\/pages\/154","targetHints":{"allow":["GET"]}}],"collection":[{"href":"https:\/\/avocat-extradition-teissedre.com\/en\/wp-json\/wp\/v2\/pages"}],"about":[{"href":"https:\/\/avocat-extradition-teissedre.com\/en\/wp-json\/wp\/v2\/types\/page"}],"author":[{"embeddable":true,"href":"https:\/\/avocat-extradition-teissedre.com\/en\/wp-json\/wp\/v2\/users\/1"}],"replies":[{"embeddable":true,"href":"https:\/\/avocat-extradition-teissedre.com\/en\/wp-json\/wp\/v2\/comments?post=154"}],"version-history":[{"count":0,"href":"https:\/\/avocat-extradition-teissedre.com\/en\/wp-json\/wp\/v2\/pages\/154\/revisions"}],"wp:featuredmedia":[{"embeddable":true,"href":"https:\/\/avocat-extradition-teissedre.com\/en\/wp-json\/wp\/v2\/media\/76"}],"wp:attachment":[{"href":"https:\/\/avocat-extradition-teissedre.com\/en\/wp-json\/wp\/v2\/media?parent=154"}],"curies":[{"name":"wp","href":"https:\/\/api.w.org\/{rel}","templated":true}]}}